{"version":"1.0","provider_name":"24GLIWICE - Portal Gliwice | codziennie nowe informacje","provider_url":"https:\/\/www.24gliwice.pl\/wiadomosci","title":"Otwarcie Hali inne ni\u017c planowano. Trwa walka z czasem, \u017ceby zd\u0105\u017cy\u0107 na koncert Armina van Buurena - 24GLIWICE - Portal Gliwice | codziennie nowe informacje","type":"rich","width":600,"height":338,"html":"<blockquote class=\"wp-embedded-content\" data-secret=\"z12vyrLiVw\"><a href=\"https:\/\/www.24gliwice.pl\/wiadomosci\/otwarcie-hali-gliwice-inne-niz-planowano\/\">Otwarcie Hali inne ni\u017c planowano. Trwa walka z czasem, \u017ceby zd\u0105\u017cy\u0107 na koncert Armina van Buurena<\/a><\/blockquote><iframe sandbox=\"allow-scripts\" security=\"restricted\" src=\"https:\/\/www.24gliwice.pl\/wiadomosci\/otwarcie-hali-gliwice-inne-niz-planowano\/embed\/#?secret=z12vyrLiVw\" width=\"600\" height=\"338\" title=\"&#8222;Otwarcie Hali inne ni\u017c planowano. Trwa walka z czasem, \u017ceby zd\u0105\u017cy\u0107 na koncert Armina van Buurena&#8221; &#8212; 24GLIWICE - Portal Gliwice | codziennie nowe informacje\" data-secret=\"z12vyrLiVw\" frameborder=\"0\" marginwidth=\"0\" marginheight=\"0\" scrolling=\"no\" class=\"wp-embedded-content\"><\/iframe><script type=\"text\/javascript\">\n\/* <![CDATA[ *\/\n\/*! This file is auto-generated *\/\n!function(d,l){\"use strict\";l.querySelector&&d.addEventListener&&\"undefined\"!=typeof URL&&(d.wp=d.wp||{},d.wp.receiveEmbedMessage||(d.wp.receiveEmbedMessage=function(e){var t=e.data;if((t||t.secret||t.message||t.value)&&!\/[^a-zA-Z0-9]\/.test(t.secret)){for(var s,r,n,a=l.querySelectorAll('iframe[data-secret=\"'+t.secret+'\"]'),o=l.querySelectorAll('blockquote[data-secret=\"'+t.secret+'\"]'),c=new RegExp(\"^https?:$\",\"i\"),i=0;i<o.length;i++)o[i].style.display=\"none\";for(i=0;i<a.length;i++)s=a[i],e.source===s.contentWindow&&(s.removeAttribute(\"style\"),\"height\"===t.message?(1e3<(r=parseInt(t.value,10))?r=1e3:~~r<200&&(r=200),s.height=r):\"link\"===t.message&&(r=new URL(s.getAttribute(\"src\")),n=new URL(t.value),c.test(n.protocol))&&n.host===r.host&&l.activeElement===s&&(d.top.location.href=t.value))}},d.addEventListener(\"message\",d.wp.receiveEmbedMessage,!1),l.addEventListener(\"DOMContentLoaded\",function(){for(var e,t,s=l.querySelectorAll(\"iframe.wp-embedded-content\"),r=0;r<s.length;r++)(t=(e=s[r]).getAttribute(\"data-secret\"))||(t=Math.random().toString(36).substring(2,12),e.src+=\"#?secret=\"+t,e.setAttribute(\"data-secret\",t)),e.contentWindow.postMessage({message:\"ready\",secret:t},\"*\")},!1)))}(window,document);\n\/\/# sourceURL=https:\/\/www.24gliwice.pl\/wiadomosci\/wp-includes\/js\/wp-embed.min.js\n\/* ]]> *\/\n<\/script>\n","thumbnail_url":"https:\/\/www.24gliwice.pl\/wiadomosci\/wp-content\/uploads\/2017\/10\/1-hala-arena-podium-gliwice.jpg","thumbnail_width":1140,"thumbnail_height":642,"description":"Zapowiadany od jesieni wyst\u0119p holenderskiego DJ&#8217;a Armina van Buurena b\u0119dzie jednocze\u015bnie koncertem otwieraj\u0105cym Hal\u0119 Gliwice. To i tak wariant optymistyczny bo niedawno pojawi\u0142y si\u0119 doniesienia o tym, \u017ce koncert jest zagro\u017cony. &#8211; Zd\u0105\u017cymy na 99%, hala jest stale doposa\u017cana, obecnie trwa instalowanie monitoringu &#8211; m\u00f3wi Marek Jarz\u0119bowski, rzecznik prezydenta Gliwic. Bior\u0105c pod uwag\u0119 czas, jaki [&hellip;]"}