{"version":"1.0","provider_name":"24GLIWICE - Portal Gliwice | codziennie nowe informacje","provider_url":"https:\/\/www.24gliwice.pl\/wiadomosci","title":"Pracownicy Opla oddelegowani do Niemiec wyrzuceni z hotelu. Ich rzeczy trafi\u0142y do work\u00f3w na \u015bmieci - 24GLIWICE - Portal Gliwice | codziennie nowe informacje","type":"rich","width":600,"height":338,"html":"<blockquote class=\"wp-embedded-content\" data-secret=\"kV8yRQHyLl\"><a href=\"https:\/\/www.24gliwice.pl\/wiadomosci\/pracownicy-opla-wyrzuceni-z-hotelu-worki-na-smieci\/\">Pracownicy Opla oddelegowani do Niemiec wyrzuceni z hotelu. Ich rzeczy trafi\u0142y do work\u00f3w na \u015bmieci<\/a><\/blockquote><iframe sandbox=\"allow-scripts\" security=\"restricted\" src=\"https:\/\/www.24gliwice.pl\/wiadomosci\/pracownicy-opla-wyrzuceni-z-hotelu-worki-na-smieci\/embed\/#?secret=kV8yRQHyLl\" width=\"600\" height=\"338\" title=\"&#8222;Pracownicy Opla oddelegowani do Niemiec wyrzuceni z hotelu. Ich rzeczy trafi\u0142y do work\u00f3w na \u015bmieci&#8221; &#8212; 24GLIWICE - Portal Gliwice | codziennie nowe informacje\" data-secret=\"kV8yRQHyLl\" frameborder=\"0\" marginwidth=\"0\" marginheight=\"0\" scrolling=\"no\" class=\"wp-embedded-content\"><\/iframe><script type=\"text\/javascript\">\n\/* <![CDATA[ *\/\n\/*! This file is auto-generated *\/\n!function(d,l){\"use strict\";l.querySelector&&d.addEventListener&&\"undefined\"!=typeof URL&&(d.wp=d.wp||{},d.wp.receiveEmbedMessage||(d.wp.receiveEmbedMessage=function(e){var t=e.data;if((t||t.secret||t.message||t.value)&&!\/[^a-zA-Z0-9]\/.test(t.secret)){for(var s,r,n,a=l.querySelectorAll('iframe[data-secret=\"'+t.secret+'\"]'),o=l.querySelectorAll('blockquote[data-secret=\"'+t.secret+'\"]'),c=new RegExp(\"^https?:$\",\"i\"),i=0;i<o.length;i++)o[i].style.display=\"none\";for(i=0;i<a.length;i++)s=a[i],e.source===s.contentWindow&&(s.removeAttribute(\"style\"),\"height\"===t.message?(1e3<(r=parseInt(t.value,10))?r=1e3:~~r<200&&(r=200),s.height=r):\"link\"===t.message&&(r=new URL(s.getAttribute(\"src\")),n=new URL(t.value),c.test(n.protocol))&&n.host===r.host&&l.activeElement===s&&(d.top.location.href=t.value))}},d.addEventListener(\"message\",d.wp.receiveEmbedMessage,!1),l.addEventListener(\"DOMContentLoaded\",function(){for(var e,t,s=l.querySelectorAll(\"iframe.wp-embedded-content\"),r=0;r<s.length;r++)(t=(e=s[r]).getAttribute(\"data-secret\"))||(t=Math.random().toString(36).substring(2,12),e.src+=\"#?secret=\"+t,e.setAttribute(\"data-secret\",t)),e.contentWindow.postMessage({message:\"ready\",secret:t},\"*\")},!1)))}(window,document);\n\/\/# sourceURL=https:\/\/www.24gliwice.pl\/wiadomosci\/wp-includes\/js\/wp-embed.min.js\n\/* ]]> *\/\n<\/script>\n","thumbnail_url":"https:\/\/www.24gliwice.pl\/wiadomosci\/wp-content\/uploads\/2013\/09\/opel-e1529058822930.jpg","thumbnail_width":810,"thumbnail_height":456,"description":"Jak donosi serwis Polsat News, 30 spo\u015br\u00f3d 400 polskich pracownik\u00f3w fabryki Opla w Russelheim zosta\u0142o nieoczekiwanie wyrzuconych z kwatery. W poniedzia\u0142ek, podczas przebywania w miejscu zatrudnienia, rzeczy pracownik\u00f3w oddelegowanych do pracy na terenie Niemiec zosta\u0142y spakowane przez obs\u0142ug\u0119 hotelow\u0105 &#8211; jak donosi telewizja &#8211; do work\u00f3w na \u015bmieci, kt\u00f3re wystawiono p\u00f3\u017aniej przed obiektem. [perfectpullquote align=&#8221;full&#8221; [&hellip;]"}