{"version":"1.0","provider_name":"24GLIWICE - Portal Gliwice | codziennie nowe informacje","provider_url":"https:\/\/www.24gliwice.pl\/wiadomosci","title":"Szykuj\u0105 si\u0119 spore zmiany na odcinku ul. Andersa. Azyle dla pieszych, zatoki, \u015bcie\u017cka rowerowa - 24GLIWICE - Portal Gliwice | codziennie nowe informacje","type":"rich","width":600,"height":338,"html":"<blockquote class=\"wp-embedded-content\" data-secret=\"BNGPIIuUnL\"><a href=\"https:\/\/www.24gliwice.pl\/wiadomosci\/remont-na-ul-andersa-w-gliwicach\/\">Szykuj\u0105 si\u0119 spore zmiany na odcinku ul. Andersa. Azyle dla pieszych, zatoki, \u015bcie\u017cka rowerowa<\/a><\/blockquote><iframe sandbox=\"allow-scripts\" security=\"restricted\" src=\"https:\/\/www.24gliwice.pl\/wiadomosci\/remont-na-ul-andersa-w-gliwicach\/embed\/#?secret=BNGPIIuUnL\" width=\"600\" height=\"338\" title=\"&#8222;Szykuj\u0105 si\u0119 spore zmiany na odcinku ul. Andersa. Azyle dla pieszych, zatoki, \u015bcie\u017cka rowerowa&#8221; &#8212; 24GLIWICE - Portal Gliwice | codziennie nowe informacje\" data-secret=\"BNGPIIuUnL\" frameborder=\"0\" marginwidth=\"0\" marginheight=\"0\" scrolling=\"no\" class=\"wp-embedded-content\"><\/iframe><script type=\"text\/javascript\">\n\/* <![CDATA[ *\/\n\/*! This file is auto-generated *\/\n!function(d,l){\"use strict\";l.querySelector&&d.addEventListener&&\"undefined\"!=typeof URL&&(d.wp=d.wp||{},d.wp.receiveEmbedMessage||(d.wp.receiveEmbedMessage=function(e){var t=e.data;if((t||t.secret||t.message||t.value)&&!\/[^a-zA-Z0-9]\/.test(t.secret)){for(var s,r,n,a=l.querySelectorAll('iframe[data-secret=\"'+t.secret+'\"]'),o=l.querySelectorAll('blockquote[data-secret=\"'+t.secret+'\"]'),c=new RegExp(\"^https?:$\",\"i\"),i=0;i<o.length;i++)o[i].style.display=\"none\";for(i=0;i<a.length;i++)s=a[i],e.source===s.contentWindow&&(s.removeAttribute(\"style\"),\"height\"===t.message?(1e3<(r=parseInt(t.value,10))?r=1e3:~~r<200&&(r=200),s.height=r):\"link\"===t.message&&(r=new URL(s.getAttribute(\"src\")),n=new URL(t.value),c.test(n.protocol))&&n.host===r.host&&l.activeElement===s&&(d.top.location.href=t.value))}},d.addEventListener(\"message\",d.wp.receiveEmbedMessage,!1),l.addEventListener(\"DOMContentLoaded\",function(){for(var e,t,s=l.querySelectorAll(\"iframe.wp-embedded-content\"),r=0;r<s.length;r++)(t=(e=s[r]).getAttribute(\"data-secret\"))||(t=Math.random().toString(36).substring(2,12),e.src+=\"#?secret=\"+t,e.setAttribute(\"data-secret\",t)),e.contentWindow.postMessage({message:\"ready\",secret:t},\"*\")},!1)))}(window,document);\n\/\/# sourceURL=https:\/\/www.24gliwice.pl\/wiadomosci\/wp-includes\/js\/wp-embed.min.js\n\/* ]]> *\/\n<\/script>\n","thumbnail_url":"https:\/\/www.24gliwice.pl\/wiadomosci\/wp-content\/uploads\/2018\/07\/1-andersa-google.jpg","thumbnail_width":810,"thumbnail_height":431,"description":"Budowa dw\u00f3ch zatok autobusowych, przeniesienie zatoki dla taks\u00f3wek, budowa azyli dla pieszych i wysepek kanalizuj\u0105cych, wydzielenie pas\u00f3w dla relacji lewoskr\u0119tnych to tylko cz\u0119\u015b\u0107 prac, jakie wykonane zostan\u0105 przy okazji przebudowy ul. Andersa. Po stronie p\u00f3\u0142nocnej ulicy powstanie te\u017c odcinek \u015bcie\u017cki rowerowej. Prace wykonywane b\u0119d\u0105 na d\u0142ugo\u015bci oko\u0142o 200 metr\u00f3w, od ul. P\u0142owieckiej do ul. Karolinki. [&hellip;]"}